{"id":7139,"date":"2024-07-18T14:10:56","date_gmt":"2024-07-18T12:10:56","guid":{"rendered":"https:\/\/www.webstagemcstudio.it\/foco\/termini-e-condizioni\/"},"modified":"2025-10-08T10:35:35","modified_gmt":"2025-10-08T08:35:35","slug":"termini-e-condizioni","status":"publish","type":"page","link":"https:\/\/thefocoproject.com\/it\/termini-e-condizioni\/","title":{"rendered":"Termini e condizioni"},"content":{"rendered":"<p>[et_pb_section fb_built=&#8221;1&#8243; module_class=&#8221;regular-section&#8221; _builder_version=&#8221;4.26.1&#8243; _module_preset=&#8221;default&#8221; custom_margin_tablet=&#8221;&#8221; custom_margin_phone=&#8221;4vh||||false|false&#8221; custom_margin_last_edited=&#8221;on|phone&#8221; locked=&#8221;off&#8221; global_colors_info=&#8221;{}&#8221;][et_pb_row _builder_version=&#8221;4.27.0&#8243; _module_preset=&#8221;default&#8221; width=&#8221;90%&#8221; max_width=&#8221;90%&#8221; custom_margin=&#8221;||50px||false|false&#8221; global_colors_info=&#8221;{}&#8221;][et_pb_column type=&#8221;4_4&#8243; _builder_version=&#8221;4.26.1&#8243; _module_preset=&#8221;default&#8221; global_colors_info=&#8221;{}&#8221;][et_pb_text content_tablet=&#8221;<\/p>\n<h2 class=%22section-header%22><span class=%22pangaia%22>Quello che vediamo<\/span><\/h2>\n<p>&#8221; content_phone=&#8221;<\/p>\n<h2 class=%22section-header%22>Quello che vediamo<\/h2>\n<p>&#8221; content_last_edited=&#8221;on|phone&#8221; _builder_version=&#8221;4.27.0&#8243; _module_preset=&#8221;default&#8221; custom_margin=&#8221;||0px||false|false&#8221; global_colors_info=&#8221;{}&#8221;]<\/p>\n<h2 class=\"section-header\"><span class=\"pangaia\">Termini e CONDIZIONI<\/span><\/h2>\n<p>[\/et_pb_text][\/et_pb_column][\/et_pb_row][et_pb_row _builder_version=&#8221;4.27.0&#8243; _module_preset=&#8221;default&#8221; global_colors_info=&#8221;{}&#8221;][et_pb_column type=&#8221;4_4&#8243; _builder_version=&#8221;4.27.0&#8243; _module_preset=&#8221;default&#8221; global_colors_info=&#8221;{}&#8221;][et_pb_toggle title=&#8221;Termini di servizio&#8221; icon_color=&#8221;#000000&#8243; toggle_icon=&#8221;&#x35;||divi||400&#8243; use_icon_font_size=&#8221;on&#8221; icon_font_size=&#8221;25px&#8221; open_icon_color=&#8221;#000000&#8243; open_toggle_icon=&#8221;&#x33;||divi||400&#8243; open_use_icon_font_size=&#8221;on&#8221; open_icon_font_size=&#8221;25px&#8221; admin_label=&#8221;Conmutador&#8221; module_class=&#8221;toggle-foco&#8221; _builder_version=&#8221;4.27.0&#8243; _module_preset=&#8221;default&#8221; title_text_color=&#8221;#000000&#8243; title_font=&#8221;Pangaia||||||||&#8221; title_font_size=&#8221;25px&#8221; body_font=&#8221;Beatrice||||||||&#8221; body_text_color=&#8221;#000000&#8243; background_color=&#8221;RGBA(255,255,255,0)&#8221; border_width_all=&#8221;0px&#8221; global_colors_info=&#8221;{}&#8221;]<\/p>\n<p>Il diritto di recesso da un contratto \u00e8 la facolt\u00e0 del consumatore e dell&#8217;utente di rescindere il contratto stipulato, dandone comunicazione all&#8217;altra parte contraente entro il termine stabilito per l&#8217;esercizio di tale diritto, senza necessit\u00e0 di giustificare la propria decisione. In definitiva, \u00e8 la possibilit\u00e0 di restituire l&#8217;ordine senza necessit\u00e0 di giustificazione. <\/p>\n<p>L&#8217;utente avr\u00e0 a disposizione un periodo di quindici (14) giorni di calendario dalla ricezione dell&#8217;ordine per esercitare il diritto di recesso. A tal fine, come data di inizio di tale termine verr\u00e0 considerata quella indicata nella bolla di consegna. <\/p>\n<p>Ai sensi dell&#8217;articolo 103 del Regio Decreto Legislativo 1\/2007, il diritto di recesso non sar\u00e0 applicabile, per quanto riguarda il nostro ambito di attivit\u00e0, nei seguenti casi:<\/p>\n<ol>\n<li style=\"list-style-type: none;\">\n<ol>\n<li>La fornitura di beni sigillati che non possono essere restituiti per motivi di protezione della salute o di igiene e che sono stati aperti dopo la consegna.<\/li>\n<li>Contratti di fornitura di prodotti realizzati secondo le specifiche del consumatore e dell&#8217;utente o chiaramente personalizzati, o che, per loro natura, non possono essere restituiti o possono deteriorarsi o scadere rapidamente.<\/li>\n<\/ol>\n<\/li>\n<\/ol>\n<p>[\/et_pb_toggle][\/et_pb_column][\/et_pb_row][et_pb_row _builder_version=&#8221;4.27.0&#8243; _module_preset=&#8221;default&#8221; global_colors_info=&#8221;{}&#8221;][et_pb_column type=&#8221;4_4&#8243; _builder_version=&#8221;4.27.0&#8243; _module_preset=&#8221;default&#8221; global_colors_info=&#8221;{}&#8221;][et_pb_toggle title=&#8221;Politica di rimborso&#8221; icon_color=&#8221;#000000&#8243; toggle_icon=&#8221;&#x35;||divi||400&#8243; use_icon_font_size=&#8221;on&#8221; icon_font_size=&#8221;25px&#8221; open_icon_color=&#8221;#000000&#8243; open_toggle_icon=&#8221;&#x33;||divi||400&#8243; open_use_icon_font_size=&#8221;on&#8221; open_icon_font_size=&#8221;25px&#8221; module_class=&#8221;toggle-foco&#8221; _builder_version=&#8221;4.27.0&#8243; _module_preset=&#8221;default&#8221; title_text_color=&#8221;#000000&#8243; title_font=&#8221;Pangaia||||||||&#8221; title_font_size=&#8221;25px&#8221; body_font=&#8221;Beatrice||||||||&#8221; body_text_color=&#8221;#000000&#8243; background_color=&#8221;RGBA(255,255,255,0)&#8221; border_width_all=&#8221;0px&#8221; global_colors_info=&#8221;{}&#8221;]<\/p>\n<p><strong>Se desideri effettuare un reso, ti baster\u00e0 stampare il foglio dell&#8217;ordine e\/o la fattura che ti verr\u00e0 inviata via e-mail al momento della formalizzazione dell&#8217;ordine e inserirlo nel pacco che intendi restituire. <\/strong><strong><\/strong><\/p>\n<p><strong>Se non disponi di una stampante, puoi scrivere su un foglio il nome completo e il numero dell&#8217;ordine e inserirlo comunque nel pacco contenente l&#8217;articolo che desideri restituire.<\/strong><strong><\/strong><\/p>\n<p>\u00c8 molto importante che quando effettui un ordine ti assicuri sempre di inserire correttamente l&#8217;indirizzo e-mail, poich\u00e9 un errore di digitazione comporta la mancata ricezione dell&#8217;e-mail con i dettagli dell&#8217;ordine e della fattura, il che comporterebbe un problema per l&#8217;elaborazione del reso. Controlla anche la cartella spam della tua casella di posta elettronica, poich\u00e9 a volte la conferma dei dettagli dell&#8217;ordine e la fattura possono essere inviate alla cartella spam invece che alla cartella della posta in arrivo. <\/p>\n<p>Una volta preparato il pacco, \u00e8 sufficiente inviarcelo tramite il corriere di vostra scelta. Le spese di spedizione dell&#8217;articolo che desiderate restituire sono a carico dell&#8217;acquirente, pertanto vi consigliamo di scegliere un servizio di spedizione che offra un&#8217;assicurazione in caso di smarrimento e un numero di tracciamento della spedizione.<\/p>\n<p>L&#8217;indirizzo a cui devi inviare il tuo reso \u00e8:<\/p>\n<p>THE FOCO PROJECT<br \/>CALLE VALPORTILLO II, 3<br \/>28108-ALCOBENDAS-MADRID<\/p>\n<p>Una volta ricevuto il reso e verificato il suo stato, che deve includere lo scontrino\/fattura, l&#8217;imballaggio e il prodotto devono essere in perfette condizioni, cos\u00ec come gli accessori, la custodia, il panno e l&#8217;etichetta in buono stato, si proceder\u00e0 al rimborso; se manca qualche accessorio, il rimborso non verr\u00e0 effettuato. Hai 15 giorni di tempo per i resi online. <\/p>\n<p><strong>Si prega di tenere presente che sull&#8217;etichetta di spedizione del pacco dovranno essere indicati il nome e il cognome con cui \u00e8 stato effettuato l&#8217;ordine (e non il nome di una terza persona o di un&#8217;azienda), poich\u00e9 in caso contrario il nostro team di magazzino non potr\u00e0 accettare il reso non essendo in grado di identificare e collegare correttamente il mittente del pacco a un ordine specifico.<\/strong><\/p>\n<p>[\/et_pb_toggle][\/et_pb_column][\/et_pb_row][\/et_pb_section]<\/p>\n","protected":false},"excerpt":{"rendered":"<p>Termini e CONDIZIONIIl diritto di recesso da un contratto \u00e8 la facolt\u00e0 del consumatore e dell&#8217;utente di rescindere il contratto stipulato, dandone comunicazione all&#8217;altra parte contraente entro il termine stabilito per l&#8217;esercizio di tale diritto, senza necessit\u00e0 di giustificare la propria decisione. In definitiva, \u00e8 la possibilit\u00e0 di restituire l&#8217;ordine senza necessit\u00e0 di giustificazione. L&#8217;utente [&hellip;]<\/p>\n","protected":false},"author":10,"featured_media":0,"parent":0,"menu_order":0,"comment_status":"closed","ping_status":"closed","template":"","meta":{"_acf_changed":false,"_et_pb_use_builder":"on","_et_pb_old_content":"","_et_gb_content_width":"","footnotes":""},"class_list":["post-7139","page","type-page","status-publish","hentry"],"acf":[],"yoast_head":"<!-- This site is optimized with the Yoast SEO plugin v27.4 - https:\/\/yoast.com\/product\/yoast-seo-wordpress\/ -->\n<title>The Foco Project | Designed in Madrid Exclusive design Glasses<\/title>\n<meta name=\"robots\" content=\"index, follow, max-snippet:-1, max-image-preview:large, max-video-preview:-1\" \/>\n<link rel=\"canonical\" href=\"https:\/\/thefocoproject.com\/it\/termini-e-condizioni\/\" \/>\n<meta property=\"og:locale\" content=\"it_IT\" \/>\n<meta property=\"og:type\" content=\"article\" \/>\n<meta property=\"og:title\" content=\"The Foco Project | Designed in Madrid Exclusive design Glasses\" \/>\n<meta property=\"og:description\" content=\"Termini e CONDIZIONIIl diritto di recesso da un contratto \u00e8 la facolt\u00e0 del consumatore e dell&#039;utente di rescindere il contratto stipulato, dandone comunicazione all&#039;altra parte contraente entro il termine stabilito per l&#039;esercizio di tale diritto, senza necessit\u00e0 di giustificare la propria decisione. In definitiva, \u00e8 la possibilit\u00e0 di restituire l&#039;ordine senza necessit\u00e0 di giustificazione. L&#039;utente [&hellip;]\" \/>\n<meta property=\"og:url\" content=\"https:\/\/thefocoproject.com\/it\/termini-e-condizioni\/\" \/>\n<meta property=\"og:site_name\" content=\"The Foco Project\" \/>\n<meta property=\"article:modified_time\" content=\"2025-10-08T08:35:35+00:00\" \/>\n<meta name=\"twitter:card\" content=\"summary_large_image\" \/>\n<meta name=\"twitter:label1\" content=\"Tempo di lettura stimato\" \/>\n\t<meta name=\"twitter:data1\" content=\"4 minuti\" \/>\n<script type=\"application\/ld+json\" class=\"yoast-schema-graph\">{\"@context\":\"https:\\\/\\\/schema.org\",\"@graph\":[{\"@type\":\"WebPage\",\"@id\":\"https:\\\/\\\/thefocoproject.com\\\/it\\\/termini-e-condizioni\\\/\",\"url\":\"https:\\\/\\\/thefocoproject.com\\\/it\\\/termini-e-condizioni\\\/\",\"name\":\"The Foco Project | Designed in Madrid Exclusive design Glasses\",\"isPartOf\":{\"@id\":\"https:\\\/\\\/thefocoproject.com\\\/it\\\/#website\"},\"datePublished\":\"2024-07-18T12:10:56+00:00\",\"dateModified\":\"2025-10-08T08:35:35+00:00\",\"inLanguage\":\"it-IT\",\"potentialAction\":[{\"@type\":\"ReadAction\",\"target\":[\"https:\\\/\\\/thefocoproject.com\\\/it\\\/termini-e-condizioni\\\/\"]}]},{\"@type\":\"WebSite\",\"@id\":\"https:\\\/\\\/thefocoproject.com\\\/it\\\/#website\",\"url\":\"https:\\\/\\\/thefocoproject.com\\\/it\\\/\",\"name\":\"The FOCO Project\",\"description\":\"La moda de no mirar para otro lado\",\"publisher\":{\"@id\":\"https:\\\/\\\/thefocoproject.com\\\/it\\\/#organization\"},\"potentialAction\":[{\"@type\":\"SearchAction\",\"target\":{\"@type\":\"EntryPoint\",\"urlTemplate\":\"https:\\\/\\\/thefocoproject.com\\\/it\\\/?s={search_term_string}\"},\"query-input\":{\"@type\":\"PropertyValueSpecification\",\"valueRequired\":true,\"valueName\":\"search_term_string\"}}],\"inLanguage\":\"it-IT\"},{\"@type\":\"Organization\",\"@id\":\"https:\\\/\\\/thefocoproject.com\\\/it\\\/#organization\",\"name\":\"Foco\",\"url\":\"https:\\\/\\\/thefocoproject.com\\\/it\\\/\",\"logo\":{\"@type\":\"ImageObject\",\"inLanguage\":\"it-IT\",\"@id\":\"https:\\\/\\\/thefocoproject.com\\\/it\\\/#\\\/schema\\\/logo\\\/image\\\/\",\"url\":\"https:\\\/\\\/thefocoproject.com\\\/wp-content\\\/uploads\\\/2024\\\/07\\\/logo-e1721217621422-removebg-preview.png\",\"contentUrl\":\"https:\\\/\\\/thefocoproject.com\\\/wp-content\\\/uploads\\\/2024\\\/07\\\/logo-e1721217621422-removebg-preview.png\",\"width\":531,\"height\":172,\"caption\":\"Foco\"},\"image\":{\"@id\":\"https:\\\/\\\/thefocoproject.com\\\/it\\\/#\\\/schema\\\/logo\\\/image\\\/\"},\"sameAs\":[\"https:\\\/\\\/www.instagram.com\\\/thefocoproject\"]}]}<\/script>\n<!-- \/ Yoast SEO plugin. -->","yoast_head_json":{"title":"The Foco Project | Designed in Madrid Exclusive design Glasses","robots":{"index":"index","follow":"follow","max-snippet":"max-snippet:-1","max-image-preview":"max-image-preview:large","max-video-preview":"max-video-preview:-1"},"canonical":"https:\/\/thefocoproject.com\/it\/termini-e-condizioni\/","og_locale":"it_IT","og_type":"article","og_title":"The Foco Project | Designed in Madrid Exclusive design Glasses","og_description":"Termini e CONDIZIONIIl diritto di recesso da un contratto \u00e8 la facolt\u00e0 del consumatore e dell'utente di rescindere il contratto stipulato, dandone comunicazione all'altra parte contraente entro il termine stabilito per l'esercizio di tale diritto, senza necessit\u00e0 di giustificare la propria decisione. In definitiva, \u00e8 la possibilit\u00e0 di restituire l'ordine senza necessit\u00e0 di giustificazione. L'utente [&hellip;]","og_url":"https:\/\/thefocoproject.com\/it\/termini-e-condizioni\/","og_site_name":"The Foco Project","article_modified_time":"2025-10-08T08:35:35+00:00","twitter_card":"summary_large_image","twitter_misc":{"Tempo di lettura stimato":"4 minuti"},"schema":{"@context":"https:\/\/schema.org","@graph":[{"@type":"WebPage","@id":"https:\/\/thefocoproject.com\/it\/termini-e-condizioni\/","url":"https:\/\/thefocoproject.com\/it\/termini-e-condizioni\/","name":"The Foco Project | Designed in Madrid Exclusive design Glasses","isPartOf":{"@id":"https:\/\/thefocoproject.com\/it\/#website"},"datePublished":"2024-07-18T12:10:56+00:00","dateModified":"2025-10-08T08:35:35+00:00","inLanguage":"it-IT","potentialAction":[{"@type":"ReadAction","target":["https:\/\/thefocoproject.com\/it\/termini-e-condizioni\/"]}]},{"@type":"WebSite","@id":"https:\/\/thefocoproject.com\/it\/#website","url":"https:\/\/thefocoproject.com\/it\/","name":"The FOCO Project","description":"La moda de no mirar para otro lado","publisher":{"@id":"https:\/\/thefocoproject.com\/it\/#organization"},"potentialAction":[{"@type":"SearchAction","target":{"@type":"EntryPoint","urlTemplate":"https:\/\/thefocoproject.com\/it\/?s={search_term_string}"},"query-input":{"@type":"PropertyValueSpecification","valueRequired":true,"valueName":"search_term_string"}}],"inLanguage":"it-IT"},{"@type":"Organization","@id":"https:\/\/thefocoproject.com\/it\/#organization","name":"Foco","url":"https:\/\/thefocoproject.com\/it\/","logo":{"@type":"ImageObject","inLanguage":"it-IT","@id":"https:\/\/thefocoproject.com\/it\/#\/schema\/logo\/image\/","url":"https:\/\/thefocoproject.com\/wp-content\/uploads\/2024\/07\/logo-e1721217621422-removebg-preview.png","contentUrl":"https:\/\/thefocoproject.com\/wp-content\/uploads\/2024\/07\/logo-e1721217621422-removebg-preview.png","width":531,"height":172,"caption":"Foco"},"image":{"@id":"https:\/\/thefocoproject.com\/it\/#\/schema\/logo\/image\/"},"sameAs":["https:\/\/www.instagram.com\/thefocoproject"]}]}},"_links":{"self":[{"href":"https:\/\/thefocoproject.com\/it\/wp-json\/wp\/v2\/pages\/7139","targetHints":{"allow":["GET"]}}],"collection":[{"href":"https:\/\/thefocoproject.com\/it\/wp-json\/wp\/v2\/pages"}],"about":[{"href":"https:\/\/thefocoproject.com\/it\/wp-json\/wp\/v2\/types\/page"}],"author":[{"embeddable":true,"href":"https:\/\/thefocoproject.com\/it\/wp-json\/wp\/v2\/users\/10"}],"replies":[{"embeddable":true,"href":"https:\/\/thefocoproject.com\/it\/wp-json\/wp\/v2\/comments?post=7139"}],"version-history":[{"count":0,"href":"https:\/\/thefocoproject.com\/it\/wp-json\/wp\/v2\/pages\/7139\/revisions"}],"wp:attachment":[{"href":"https:\/\/thefocoproject.com\/it\/wp-json\/wp\/v2\/media?parent=7139"}],"curies":[{"name":"wp","href":"https:\/\/api.w.org\/{rel}","templated":true}]}}